{"id":1023,"date":"2016-02-11T21:23:35","date_gmt":"2016-02-11T21:23:35","guid":{"rendered":"http:\/\/www.fiaelyelmo.com\/cine\/?page_id=1023"},"modified":"2025-07-02T15:53:33","modified_gmt":"2025-07-02T15:53:33","slug":"festival-internacional-de-cine-del-aire","status":"publish","type":"page","link":"https:\/\/www.fiaelyelmo.com\/cine\/es\/festival-internacional-de-cine-del-aire\/","title":{"rendered":"XXV CINEMA FIA Festival Internacional de Cine del Aire &#8211; El Yelmo"},"content":{"rendered":"<p>[et_pb_section fb_built=\u00bb1&#8243; fullwidth=\u00bbon\u00bb admin_label=\u00bbSecci\u00f3n\u00bb _builder_version=\u00bb3.22&#8243; transparent_background=\u00bboff\u00bb make_fullwidth=\u00bboff\u00bb use_custom_width=\u00bboff\u00bb width_unit=\u00bboff\u00bb custom_width_px=\u00bb1080px\u00bb custom_width_percent=\u00bb80%\u00bb global_colors_info=\u00bb{}\u00bb][et_pb_fullwidth_slider admin_label=\u00bbControl deslizante de anchura completa\u00bb _builder_version=\u00bb4.14.8&#8243; parallax=\u00bbon\u00bb custom_padding=\u00bb|||\u00bb custom_padding_tablet=\u00bb|||\u00bb custom_padding_phone=\u00bb|||\u00bb auto=\u00bbon\u00bb auto_speed=\u00bb9000&#8243; hover_enabled=\u00bb0&#8243; box_shadow_style=\u00bbpreset6&#8243; box_shadow_blur=\u00bb10px\u00bb box_shadow_color=\u00bbrgba(0,0,0,0.1)\u00bb button_letter_spacing_hover=\u00bb0&#8243; remove_inner_shadow=\u00bboff\u00bb hide_content_on_mobile=\u00bboff\u00bb hide_cta_on_mobile=\u00bboff\u00bb show_inner_shadow=\u00bbon\u00bb saved_tabs=\u00bball\u00bb global_colors_info=\u00bb{}\u00bb button_text_size__hover_enabled=\u00bboff\u00bb button_one_text_size__hover_enabled=\u00bboff\u00bb button_two_text_size__hover_enabled=\u00bboff\u00bb button_text_color__hover_enabled=\u00bboff\u00bb button_one_text_color__hover_enabled=\u00bboff\u00bb button_two_text_color__hover_enabled=\u00bboff\u00bb button_border_width__hover_enabled=\u00bboff\u00bb button_one_border_width__hover_enabled=\u00bboff\u00bb button_two_border_width__hover_enabled=\u00bboff\u00bb button_border_color__hover_enabled=\u00bboff\u00bb button_one_border_color__hover_enabled=\u00bboff\u00bb button_two_border_color__hover_enabled=\u00bboff\u00bb button_border_radius__hover_enabled=\u00bboff\u00bb button_one_border_radius__hover_enabled=\u00bboff\u00bb button_two_border_radius__hover_enabled=\u00bboff\u00bb button_letter_spacing__hover_enabled=\u00bbon\u00bb button_letter_spacing__hover=\u00bb0&#8243; button_one_letter_spacing__hover_enabled=\u00bboff\u00bb button_two_letter_spacing__hover_enabled=\u00bboff\u00bb button_bg_color__hover_enabled=\u00bboff\u00bb button_one_bg_color__hover_enabled=\u00bboff\u00bb button_two_bg_color__hover_enabled=\u00bboff\u00bb sticky_enabled=\u00bb0&#8243;][et_pb_slide image=\u00bbhttps:\/\/www.fiaelyelmo.com\/cine\/wp-content\/uploads\/2016\/02\/cinemaFIA-logo-T-01.png\u00bb use_bg_overlay=\u00bbon\u00bb bg_overlay_color=\u00bbrgba(255,255,255,0.5)\u00bb use_text_overlay=\u00bboff\u00bb _builder_version=\u00bb4.14.8&#8243; header_font=\u00bb||||\u00bb body_font=\u00bb||||\u00bb background_color=\u00bb#ffffff\u00bb background_image=\u00bbhttps:\/\/www.fiaelyelmo.com\/cine\/wp-content\/uploads\/2016\/02\/nubes1.jpg\u00bb button_icon_placement=\u00bbright\u00bb button_on_hover=\u00bbon\u00bb hover_enabled=\u00bb0&#8243; global_colors_info=\u00bb{}\u00bb button_text_size__hover_enabled=\u00bboff\u00bb button_one_text_size__hover_enabled=\u00bboff\u00bb button_two_text_size__hover_enabled=\u00bboff\u00bb button_text_color__hover_enabled=\u00bboff\u00bb button_one_text_color__hover_enabled=\u00bboff\u00bb button_two_text_color__hover_enabled=\u00bboff\u00bb button_border_width__hover_enabled=\u00bboff\u00bb button_one_border_width__hover_enabled=\u00bboff\u00bb button_two_border_width__hover_enabled=\u00bboff\u00bb button_border_color__hover_enabled=\u00bboff\u00bb button_one_border_color__hover_enabled=\u00bboff\u00bb button_two_border_color__hover_enabled=\u00bboff\u00bb button_border_radius__hover_enabled=\u00bboff\u00bb button_one_border_radius__hover_enabled=\u00bboff\u00bb button_two_border_radius__hover_enabled=\u00bboff\u00bb button_letter_spacing__hover_enabled=\u00bboff\u00bb button_one_letter_spacing__hover_enabled=\u00bboff\u00bb button_two_letter_spacing__hover_enabled=\u00bboff\u00bb button_bg_color__hover_enabled=\u00bboff\u00bb button_one_bg_color__hover_enabled=\u00bboff\u00bb button_two_bg_color__hover_enabled=\u00bboff\u00bb sticky_transition=\u00bbon\u00bb sticky_enabled=\u00bb0&#8243;][\/et_pb_slide][et_pb_slide heading=\u00bbDescarga las bases de la XXV edici\u00f3n\u00bb button_text=\u00bbdescargar\u00bb button_link=\u00bbhttp:\/\/www.fiaelyelmo.com\/descargas2025\/BASES_CINEMA_ES_ENG_FR_2025.pdf\u00bb image=\u00bbhttps:\/\/www.fiaelyelmo.com\/cine\/wp-content\/uploads\/2016\/02\/File-Format-Pdf-256&#215;256.png\u00bb use_bg_overlay=\u00bboff\u00bb use_text_overlay=\u00bboff\u00bb _builder_version=\u00bb4.14.8&#8243; header_font=\u00bb||||\u00bb body_font=\u00bb||||\u00bb background_color=\u00bb#ffffff\u00bb background_image=\u00bbhttps:\/\/www.fiaelyelmo.com\/cine\/wp-content\/uploads\/2016\/02\/solarimpulse-1.jpg\u00bb button_icon_placement=\u00bbright\u00bb button_on_hover=\u00bbon\u00bb hover_enabled=\u00bb0&#8243; global_colors_info=\u00bb{}\u00bb button_text_size__hover_enabled=\u00bboff\u00bb button_one_text_size__hover_enabled=\u00bboff\u00bb button_two_text_size__hover_enabled=\u00bboff\u00bb button_text_color__hover_enabled=\u00bboff\u00bb button_one_text_color__hover_enabled=\u00bboff\u00bb button_two_text_color__hover_enabled=\u00bboff\u00bb button_border_width__hover_enabled=\u00bboff\u00bb button_one_border_width__hover_enabled=\u00bboff\u00bb button_two_border_width__hover_enabled=\u00bboff\u00bb button_border_color__hover_enabled=\u00bboff\u00bb button_one_border_color__hover_enabled=\u00bboff\u00bb button_two_border_color__hover_enabled=\u00bboff\u00bb button_border_radius__hover_enabled=\u00bboff\u00bb button_one_border_radius__hover_enabled=\u00bboff\u00bb button_two_border_radius__hover_enabled=\u00bboff\u00bb button_letter_spacing__hover_enabled=\u00bboff\u00bb button_one_letter_spacing__hover_enabled=\u00bboff\u00bb button_two_letter_spacing__hover_enabled=\u00bboff\u00bb button_bg_color__hover_enabled=\u00bboff\u00bb button_one_bg_color__hover_enabled=\u00bboff\u00bb button_two_bg_color__hover_enabled=\u00bboff\u00bb sticky_transition=\u00bbon\u00bb sticky_enabled=\u00bb0&#8243;][\/et_pb_slide][et_pb_slide heading=\u00bbAVENTURA, DEPORTES Y NATURALEZA\u00bb use_bg_overlay=\u00bboff\u00bb use_text_overlay=\u00bboff\u00bb _builder_version=\u00bb4.14.8&#8243; header_font=\u00bb||||\u00bb body_font=\u00bb||||\u00bb background_color=\u00bb#ffffff\u00bb background_image=\u00bbhttps:\/\/www.fiaelyelmo.com\/cine\/wp-content\/uploads\/2016\/02\/cinemaFIA_CABE_2020_2k-1.jpg\u00bb button_icon_placement=\u00bbright\u00bb button_on_hover=\u00bbon\u00bb hover_enabled=\u00bb0&#8243; global_colors_info=\u00bb{}\u00bb button_text_size__hover_enabled=\u00bboff\u00bb button_one_text_size__hover_enabled=\u00bboff\u00bb button_two_text_size__hover_enabled=\u00bboff\u00bb button_text_color__hover_enabled=\u00bboff\u00bb button_one_text_color__hover_enabled=\u00bboff\u00bb button_two_text_color__hover_enabled=\u00bboff\u00bb button_border_width__hover_enabled=\u00bboff\u00bb button_one_border_width__hover_enabled=\u00bboff\u00bb button_two_border_width__hover_enabled=\u00bboff\u00bb button_border_color__hover_enabled=\u00bboff\u00bb button_one_border_color__hover_enabled=\u00bboff\u00bb button_two_border_color__hover_enabled=\u00bboff\u00bb button_border_radius__hover_enabled=\u00bboff\u00bb button_one_border_radius__hover_enabled=\u00bboff\u00bb button_two_border_radius__hover_enabled=\u00bboff\u00bb button_letter_spacing__hover_enabled=\u00bboff\u00bb button_one_letter_spacing__hover_enabled=\u00bboff\u00bb button_two_letter_spacing__hover_enabled=\u00bboff\u00bb button_bg_color__hover_enabled=\u00bboff\u00bb button_one_bg_color__hover_enabled=\u00bboff\u00bb button_two_bg_color__hover_enabled=\u00bboff\u00bb sticky_transition=\u00bbon\u00bb sticky_enabled=\u00bb0&#8243;]<\/p>\n<p>25 a\u00f1os mostrando lo mejor del cine de vuelo<\/p>\n<p>[\/et_pb_slide][\/et_pb_fullwidth_slider][\/et_pb_section][et_pb_section fb_built=\u00bb1&#8243; admin_label=\u00bbsection\u00bb _builder_version=\u00bb3.22&#8243; transparent_background=\u00bboff\u00bb make_fullwidth=\u00bboff\u00bb use_custom_width=\u00bboff\u00bb width_unit=\u00bboff\u00bb custom_width_px=\u00bb1080px\u00bb custom_width_percent=\u00bb80%\u00bb global_colors_info=\u00bb{}\u00bb][et_pb_row column_structure=\u00bb1_2,1_4,1_4&#8243; admin_label=\u00bbrow\u00bb _builder_version=\u00bb3.25&#8243; background_size=\u00bbinitial\u00bb background_position=\u00bbtop_left\u00bb background_repeat=\u00bbrepeat\u00bb make_fullwidth=\u00bboff\u00bb use_custom_width=\u00bboff\u00bb width_unit=\u00bboff\u00bb custom_width_px=\u00bb1080px\u00bb custom_width_percent=\u00bb80%\u00bb global_colors_info=\u00bb{}\u00bb][et_pb_column type=\u00bb1_2&#8243; _builder_version=\u00bb3.25&#8243; custom_padding=\u00bb|||\u00bb global_colors_info=\u00bb{}\u00bb custom_padding__hover=\u00bb|||\u00bb][et_pb_text admin_label=\u00bbTexto\u00bb _builder_version=\u00bb4.14.8&#8243; background_size=\u00bbinitial\u00bb background_position=\u00bbtop_left\u00bb background_repeat=\u00bbrepeat\u00bb use_border_color=\u00bboff\u00bb border_color=\u00bb#ffffff\u00bb border_style=\u00bbsolid\u00bb saved_tabs=\u00bball\u00bb global_colors_info=\u00bb{}\u00bb]<\/p>\n<p>&nbsp;<\/p>\n<p>\u00a0<span style=\"font-size: large;\"><strong>XXV CINEMA FIA 2025<\/strong><\/span><\/p>\n<p>Bienvenidos al XXV Festival Internacional del Aire, FIA El Yelmo, una cita \u00fanica que convierte a la Sierra de Segura en epicentro mundial de los deportes a\u00e9reos y la cultura del vuelo. Desde su nacimiento en el a\u00f1o 2000, el FIA El Yelmo ha crecido hasta consolidarse como uno de los festivales m\u00e1s destacados de Europa, reuniendo a miles de visitantes, pilotos y amantes del aire bajo el imponente perfil de El Yelmo y el incomparable entorno natural de Ja\u00e9n.<\/p>\n<p>Este a\u00f1o celebramos veinticinco ediciones de historia, innovaci\u00f3n y pasi\u00f3n por el vuelo, manteniendo vivo el esp\u00edritu que dio origen al festival: el Festival Internacional de Cine del Aire. Este apartado audiovisual es el germen y esencia del FIA, impulsando la creatividad y la divulgaci\u00f3n de la cultura del vuelo a trav\u00e9s de proyecciones, concursos y encuentros con realizadores y aficionados de todo el mundo. El festival combina espect\u00e1culos a\u00e9reos, feria de vuelo, talleres, m\u00fasica y actividades para todas las edades, en una agenda vibrante que refleja el compromiso con el deporte, el arte y la naturaleza.<\/p>\n<p>Veinticinco a\u00f1os despu\u00e9s, FIA El Yelmo sigue siendo punto de encuentro, inspiraci\u00f3n y ventana abierta al cielo, donde cada edici\u00f3n suma nuevas historias y experiencias inolvidables. \u00a1Bienvenidos a volar, a so\u00f1ar y a celebrar juntos este aniversario tan especial!<\/p>\n<p><a href=\"http:\/\/www.fiaelyelmo.com\/\" target=\"_blank\" rel=\"noopener\">www.fiaelyelmo.com<\/a><\/p>\n<p>[\/et_pb_text][\/et_pb_column][et_pb_column type=\u00bb1_4&#8243; _builder_version=\u00bb3.25&#8243; custom_padding=\u00bb|||\u00bb global_colors_info=\u00bb{}\u00bb custom_padding__hover=\u00bb|||\u00bb][et_pb_blurb title=\u00bbBases XXV CINEMA FIA\u00bb url=\u00bbhttp:\/\/www.fiaelyelmo.com\/cine\/es\/bases-del-festival\/\u00bb use_icon=\u00bbon\u00bb font_icon=\u00bb&#x69;||divi||400&#8243; icon_color=\u00bb#f2cd00&#8243; admin_label=\u00bbAnuncio\u00bb _builder_version=\u00bb4.14.8&#8243; background_color=\u00bb#ffffff\u00bb background_size=\u00bbinitial\u00bb background_position=\u00bbtop_left\u00bb background_repeat=\u00bbrepeat\u00bb text_orientation=\u00bbcenter\u00bb custom_padding=\u00bb30px|||\u00bb border_width_all=\u00bb0px\u00bb border_color_all=\u00bb#c4c4c4&#8243; border_style_all=\u00bbsolid\u00bb use_border_color=\u00bbon\u00bb border_color=\u00bb#c4c4c4&#8243; border_style=\u00bbsolid\u00bb image_max_width=\u00bbnone\u00bb use_circle=\u00bboff\u00bb use_circle_border=\u00bboff\u00bb circle_border_color=\u00bb#7EBEC5&#8243; circle_color=\u00bb#7EBEC5&#8243; saved_tabs=\u00bball\u00bb global_colors_info=\u00bb{}\u00bb][\/et_pb_blurb][\/et_pb_column][et_pb_column type=\u00bb1_4&#8243; _builder_version=\u00bb3.25&#8243; custom_padding=\u00bb|||\u00bb global_colors_info=\u00bb{}\u00bb custom_padding__hover=\u00bb|||\u00bb][et_pb_blurb title=\u00bbPROGRAMA DE PROYECCIONES \u00bb url=\u00bbhttp:\/\/www.fiaelyelmo.com\/cine\/es\/programa\/\u00bb use_icon=\u00bbon\u00bb font_icon=\u00bb&#xe024;||divi||400&#8243; icon_color=\u00bb#f2cd00&#8243; admin_label=\u00bbAnuncio\u00bb _builder_version=\u00bb4.13.0&#8243; background_color=\u00bb#ffffff\u00bb background_size=\u00bbinitial\u00bb background_position=\u00bbtop_left\u00bb background_repeat=\u00bbrepeat\u00bb text_orientation=\u00bbcenter\u00bb custom_padding=\u00bb30px|||\u00bb border_width_all=\u00bb0px\u00bb border_color_all=\u00bb#c4c4c4&#8243; border_style_all=\u00bbsolid\u00bb use_border_color=\u00bbon\u00bb border_color=\u00bb#c4c4c4&#8243; border_style=\u00bbsolid\u00bb image_max_width=\u00bbnone\u00bb use_circle=\u00bboff\u00bb use_circle_border=\u00bboff\u00bb circle_border_color=\u00bb#7EBEC5&#8243; circle_color=\u00bb#7EBEC5&#8243; saved_tabs=\u00bball\u00bb global_colors_info=\u00bb{}\u00bb][\/et_pb_blurb][\/et_pb_column][\/et_pb_row][\/et_pb_section][et_pb_section fb_built=\u00bb1&#8243; admin_label=\u00bbSecci\u00f3n\u00bb _builder_version=\u00bb3.22&#8243; transparent_background=\u00bboff\u00bb make_fullwidth=\u00bboff\u00bb use_custom_width=\u00bboff\u00bb width_unit=\u00bbon\u00bb custom_width_px=\u00bb1080px\u00bb custom_width_percent=\u00bb80%\u00bb global_colors_info=\u00bb{}\u00bb][et_pb_row admin_label=\u00bbFila\u00bb _builder_version=\u00bb4.14.8&#8243; background_size=\u00bbinitial\u00bb background_position=\u00bbtop_left\u00bb background_repeat=\u00bbrepeat\u00bb make_fullwidth=\u00bboff\u00bb use_custom_width=\u00bboff\u00bb width_unit=\u00bbon\u00bb custom_width_px=\u00bb1080px\u00bb custom_width_percent=\u00bb80%\u00bb global_colors_info=\u00bb{}\u00bb][et_pb_column type=\u00bb4_4&#8243; _builder_version=\u00bb3.25&#8243; custom_padding=\u00bb|||\u00bb global_colors_info=\u00bb{}\u00bb custom_padding__hover=\u00bb|||\u00bb][et_pb_text admin_label=\u00bbTexto\u00bb _builder_version=\u00bb4.14.8&#8243; background_size=\u00bbinitial\u00bb background_position=\u00bbtop_left\u00bb background_repeat=\u00bbrepeat\u00bb use_border_color=\u00bboff\u00bb border_style=\u00bbsolid\u00bb global_colors_info=\u00bb{}\u00bb]<\/p>\n<h2><strong>SECCI\u00d3N OFICIAL XXV CINEMA FIA 2025<br \/><\/strong><\/h2>\n<p>[\/et_pb_text][et_pb_blog fullwidth=\u00bboff\u00bb posts_number=\u00bb25&#8243; include_categories=\u00bb302&#8243; show_more=\u00bbon\u00bb show_author=\u00bboff\u00bb show_comments=\u00bbon\u00bb admin_label=\u00bbBlog\u00bb _builder_version=\u00bb4.14.8&#8243; use_border_color=\u00bboff\u00bb border_color=\u00bb#ffffff\u00bb border_width=\u00bb1px\u00bb border_style=\u00bbsolid\u00bb use_dropshadow=\u00bboff\u00bb global_colors_info=\u00bb{}\u00bb] [\/et_pb_blog][et_pb_divider show_divider=\u00bboff\u00bb disabled_on=\u00bbon|on|off\u00bb admin_label=\u00bbSeparador\u00bb _builder_version=\u00bb3.23.4&#8243; height=\u00bb5px\u00bb hide_on_mobile=\u00bbon\u00bb global_colors_info=\u00bb{}\u00bb] [\/et_pb_divider][\/et_pb_column][\/et_pb_row][\/et_pb_section][et_pb_section fb_built=\u00bb1&#8243; fullwidth=\u00bbon\u00bb admin_label=\u00bbSecci\u00f3n\u00bb _builder_version=\u00bb3.22&#8243; transparent_background=\u00bboff\u00bb make_fullwidth=\u00bboff\u00bb use_custom_width=\u00bboff\u00bb width_unit=\u00bboff\u00bb custom_width_px=\u00bb1080px\u00bb custom_width_percent=\u00bb80%\u00bb global_colors_info=\u00bb{}\u00bb][et_pb_fullwidth_slider show_arrows=\u00bboff\u00bb show_pagination=\u00bboff\u00bb admin_label=\u00bbControl deslizante de anchura completa\u00bb _builder_version=\u00bb3.16&#8243; parallax=\u00bbon\u00bb custom_padding=\u00bb|||\u00bb custom_padding_tablet=\u00bb|||\u00bb custom_padding_phone=\u00bb|||\u00bb box_shadow_style=\u00bbpreset6&#8243; box_shadow_blur=\u00bb10px\u00bb box_shadow_color=\u00bbrgba(0,0,0,0.1)\u00bb button_letter_spacing_hover=\u00bb0&#8243; remove_inner_shadow=\u00bboff\u00bb hide_content_on_mobile=\u00bboff\u00bb hide_cta_on_mobile=\u00bboff\u00bb show_inner_shadow=\u00bbon\u00bb global_colors_info=\u00bb{}\u00bb button_text_size__hover_enabled=\u00bboff\u00bb button_one_text_size__hover_enabled=\u00bboff\u00bb button_two_text_size__hover_enabled=\u00bboff\u00bb button_text_color__hover_enabled=\u00bboff\u00bb button_one_text_color__hover_enabled=\u00bboff\u00bb button_two_text_color__hover_enabled=\u00bboff\u00bb button_border_width__hover_enabled=\u00bboff\u00bb button_one_border_width__hover_enabled=\u00bboff\u00bb button_two_border_width__hover_enabled=\u00bboff\u00bb button_border_color__hover_enabled=\u00bboff\u00bb button_one_border_color__hover_enabled=\u00bboff\u00bb button_two_border_color__hover_enabled=\u00bboff\u00bb button_border_radius__hover_enabled=\u00bboff\u00bb button_one_border_radius__hover_enabled=\u00bboff\u00bb button_two_border_radius__hover_enabled=\u00bboff\u00bb button_letter_spacing__hover_enabled=\u00bbon\u00bb button_letter_spacing__hover=\u00bb0&#8243; button_one_letter_spacing__hover_enabled=\u00bboff\u00bb button_two_letter_spacing__hover_enabled=\u00bboff\u00bb button_bg_color__hover_enabled=\u00bboff\u00bb button_one_bg_color__hover_enabled=\u00bboff\u00bb button_two_bg_color__hover_enabled=\u00bboff\u00bb][et_pb_slide heading=\u00bbCINEMA FIA\u00bb use_bg_overlay=\u00bboff\u00bb use_text_overlay=\u00bboff\u00bb _builder_version=\u00bb3.16&#8243; header_font=\u00bb||||\u00bb body_font=\u00bb||||\u00bb background_color=\u00bb#ffffff\u00bb background_image=\u00bbhttps:\/\/www.fiaelyelmo.com\/cine\/wp-content\/uploads\/2016\/02\/fondoPIE_2019-1.jpg\u00bb background_size=\u00bbinitial\u00bb button_icon_placement=\u00bbright\u00bb button_on_hover=\u00bbon\u00bb global_colors_info=\u00bb{}\u00bb button_text_size__hover_enabled=\u00bboff\u00bb button_one_text_size__hover_enabled=\u00bboff\u00bb button_two_text_size__hover_enabled=\u00bboff\u00bb button_text_color__hover_enabled=\u00bboff\u00bb button_one_text_color__hover_enabled=\u00bboff\u00bb button_two_text_color__hover_enabled=\u00bboff\u00bb button_border_width__hover_enabled=\u00bboff\u00bb button_one_border_width__hover_enabled=\u00bboff\u00bb button_two_border_width__hover_enabled=\u00bboff\u00bb button_border_color__hover_enabled=\u00bboff\u00bb button_one_border_color__hover_enabled=\u00bboff\u00bb button_two_border_color__hover_enabled=\u00bboff\u00bb button_border_radius__hover_enabled=\u00bboff\u00bb button_one_border_radius__hover_enabled=\u00bboff\u00bb button_two_border_radius__hover_enabled=\u00bboff\u00bb button_letter_spacing__hover_enabled=\u00bboff\u00bb button_one_letter_spacing__hover_enabled=\u00bboff\u00bb button_two_letter_spacing__hover_enabled=\u00bboff\u00bb button_bg_color__hover_enabled=\u00bboff\u00bb button_one_bg_color__hover_enabled=\u00bboff\u00bb button_two_bg_color__hover_enabled=\u00bboff\u00bb sticky_transition=\u00bbon\u00bb]CINE, DEPORTES A\u00c9REOS, AVENTURA Y NATURALEZA<br \/>\n[\/et_pb_slide][\/et_pb_fullwidth_slider][\/et_pb_section]<\/p>\n","protected":false},"excerpt":{"rendered":"<p>25 a\u00f1os mostrando lo mejor del cine de vuelo&nbsp; \u00a0XXV CINEMA FIA 2025 Bienvenidos al XXV Festival Internacional del Aire, FIA El Yelmo, una cita \u00fanica que convierte a la Sierra de Segura en epicentro mundial de los deportes a\u00e9reos y la cultura del vuelo. Desde su nacimiento en el a\u00f1o 2000, el FIA El [&hellip;]<\/p>\n","protected":false},"author":1,"featured_media":0,"parent":0,"menu_order":0,"comment_status":"closed","ping_status":"closed","template":"","meta":{"_et_pb_use_builder":"on","_et_pb_old_content":"<h4>Relaci\u00f3n de premios XVII CINEMA FIA:<\/h4><p>Mejor pelicual del Festival: <strong>Last Base - Noruega<\/strong><\/p><p>Mejor Pel\u00edcula de Deportes A\u00e9reos: <strong>Airman - Argentina<\/strong><\/p><p>Mejor pel\u00edcula de Aventura A\u00e9rea: <strong>Dare to Soar, Flying with condors - Austria<\/strong><\/p><p>Mejor Pel\u00edcula de Naturaleza en vuelo: <strong>Venidos del Cielo - Espa\u00f1a<br \/> <\/strong><span style=\"color: #999999;\">( Patrocinado por Tierras de Tavara AOVE)<\/span><\/p><p>Mejor corto: <strong>Freefall - Francia<br \/> <\/strong><span style=\"color: #999999;\">(Patrocinado por Denominaci\u00f3n de Origen Sierra de Segura)<\/span><\/p><p>Premio RTVA a la producci\u00f3n andaluza: <strong>El mart\u00edn pescador<\/strong><\/p>","_et_gb_content_width":"","footnotes":""},"class_list":["post-1023","page","type-page","status-publish","hentry"],"_links":{"self":[{"href":"https:\/\/www.fiaelyelmo.com\/cine\/wp-json\/wp\/v2\/pages\/1023","targetHints":{"allow":["GET"]}}],"collection":[{"href":"https:\/\/www.fiaelyelmo.com\/cine\/wp-json\/wp\/v2\/pages"}],"about":[{"href":"https:\/\/www.fiaelyelmo.com\/cine\/wp-json\/wp\/v2\/types\/page"}],"author":[{"embeddable":true,"href":"https:\/\/www.fiaelyelmo.com\/cine\/wp-json\/wp\/v2\/users\/1"}],"replies":[{"embeddable":true,"href":"https:\/\/www.fiaelyelmo.com\/cine\/wp-json\/wp\/v2\/comments?post=1023"}],"version-history":[{"count":185,"href":"https:\/\/www.fiaelyelmo.com\/cine\/wp-json\/wp\/v2\/pages\/1023\/revisions"}],"predecessor-version":[{"id":3944,"href":"https:\/\/www.fiaelyelmo.com\/cine\/wp-json\/wp\/v2\/pages\/1023\/revisions\/3944"}],"wp:attachment":[{"href":"https:\/\/www.fiaelyelmo.com\/cine\/wp-json\/wp\/v2\/media?parent=1023"}],"curies":[{"name":"wp","href":"https:\/\/api.w.org\/{rel}","templated":true}]}}